{"id":15791,"date":"2025-01-13T11:31:54","date_gmt":"2025-01-13T10:31:54","guid":{"rendered":"https:\/\/hello-suns.com\/producten\/evora-teca\/"},"modified":"2026-02-03T11:54:05","modified_gmt":"2026-02-03T10:54:05","slug":"evora-teak-conjunto-de-sofa","status":"publish","type":"product","link":"https:\/\/hello-suns.com\/es\/productos\/evora-teak-conjunto-de-sofa\/","title":{"rendered":"Evora | teak"},"content":{"rendered":"<h2 style=\"font-weight: 400;\">Crea tu propio momento de descanso<\/h2>\n<p style=\"font-weight: 400;\">D\u00e9jate sorprender gratamente por el confort y el dise\u00f1o de buen gusto del Evora. Da rienda suelta a tu imaginaci\u00f3n y monta tu conjunto de sof\u00e1s ideal. Crea tu propio momento de descanso o comparte esa sensaci\u00f3n de puro lujo con tus amigos. Nada te detendr\u00e1.<\/p>\n","protected":false},"excerpt":{"rendered":"<h3 style=\"font-weight: 400;\">Aluminio y teca, una combinaci\u00f3n perfecta<\/h3>\n<p style=\"font-weight: 400;\">El conjunto de sof\u00e1s Evora es nuestra nueva generaci\u00f3n de muebles de sal\u00f3n, basada en el popular dise\u00f1o Portofino. La estructura est\u00e1 acabada en elegante aluminio, y la base y los tableros, en c\u00e1lida teca. Una combinaci\u00f3n perfecta de bellos materiales. Los lujosos cojines y el asiento est\u00e1n profusamente acolchados para una comodidad \u00f3ptima al sentarse o tumbarse, y equipados con tejido hidr\u00f3fugo y resistente a la intemperie de alta calidad. El conjunto de sof\u00e1 puede ampliarse con extras opcionales, como un reposabrazos, una mesa auxiliar (coj\u00edn) y un coj\u00edn para las mesas auxiliares.<\/p>\n<p style=\"font-weight: 400;\">Este conjunto de sof\u00e1 forma parte del programa T\u00fa Creas. Esto significa que el Evora consta de varios elementos individuales que puedes combinar libremente. Un rinc\u00f3n fijo, bancos individuales, mesas auxiliares adicionales o s\u00f3lo una mesa auxiliar suelta, un montaje con una chaise longue: sobre todo, elige t\u00fa mismo y crea la disposici\u00f3n ideal para tu jard\u00edn o terraza. Es bueno saberlo: Evora est\u00e1 equipado con Quick Dry Foam\u00ae. Gracias a un n\u00facleo innovador con estructura de c\u00e9lula abierta, los cojines y el asiento se secan r\u00e1pidamente. As\u00ed que no te preocupes por un chaparr\u00f3n. Idea: combina dos chaise longues en un sof\u00e1 cama para disfrutar del m\u00e1ximo confort.<\/p>\n","protected":false},"featured_media":15796,"comment_status":"closed","ping_status":"closed","template":"","meta":{"_acf_changed":false},"product_brand":[],"product_cat":[800,797],"product_tag":[],"material":[],"class_list":{"0":"post-15791","1":"product","2":"type-product","3":"status-publish","4":"has-post-thumbnail","6":"product_cat-conjuntos-de-sofa","7":"product_cat-you-create-es","9":"first","10":"instock","11":"shipping-taxable","12":"product-type-simple"},"acf":[],"yoast_head":"<!-- This site is optimized with the Yoast SEO plugin v26.8 - https:\/\/yoast.com\/product\/yoast-seo-wordpress\/ -->\n<title>Descubre el Conjunto de Sof\u00e1 Evora Teca | SUNS Outdoor Lifestyle<\/title>\n<meta name=\"description\" content=\"\u00bfBuscas un elegante conjunto de sof\u00e1 evora de teca? SUNS te ofrece conjuntos de sof\u00e1 de lujo con un dise\u00f1o atemporal, elementos de teca duraderos y un confort \u00f3ptimo.\" \/>\n<meta name=\"robots\" content=\"index, follow, max-snippet:-1, max-image-preview:large, max-video-preview:-1\" \/>\n<link rel=\"canonical\" href=\"https:\/\/hello-suns.com\/es\/productos\/evora-teak-conjunto-de-sofa\/\" \/>\n<meta property=\"og:locale\" content=\"es_ES\" \/>\n<meta property=\"og:type\" content=\"article\" \/>\n<meta property=\"og:title\" content=\"Descubre el Conjunto de Sof\u00e1 Evora Teca | SUNS Outdoor Lifestyle\" \/>\n<meta property=\"og:description\" content=\"\u00bfBuscas un elegante conjunto de sof\u00e1 evora de teca? SUNS te ofrece conjuntos de sof\u00e1 de lujo con un dise\u00f1o atemporal, elementos de teca duraderos y un confort \u00f3ptimo.\" \/>\n<meta property=\"og:url\" content=\"https:\/\/hello-suns.com\/es\/productos\/evora-teak-conjunto-de-sofa\/\" \/>\n<meta property=\"og:site_name\" content=\"SUNS\" \/>\n<meta property=\"article:modified_time\" content=\"2026-02-03T10:54:05+00:00\" \/>\n<meta property=\"og:image\" content=\"https:\/\/hello-suns.com\/app\/uploads\/2025\/01\/Evora-Wood-2500_Edit-1.png\" \/>\n\t<meta property=\"og:image:width\" content=\"2500\" \/>\n\t<meta property=\"og:image:height\" content=\"1667\" \/>\n\t<meta property=\"og:image:type\" content=\"image\/png\" \/>\n<meta name=\"twitter:card\" content=\"summary_large_image\" \/>\n<meta name=\"twitter:label1\" content=\"Est. reading time\" \/>\n\t<meta name=\"twitter:data1\" content=\"6 minutes\" \/>\n<script type=\"application\/ld+json\" class=\"yoast-schema-graph\">{\"@context\":\"https:\/\/schema.org\",\"@graph\":[{\"@type\":\"WebPage\",\"@id\":\"https:\/\/hello-suns.com\/es\/productos\/evora-teak-conjunto-de-sofa\/\",\"url\":\"https:\/\/hello-suns.com\/es\/productos\/evora-teak-conjunto-de-sofa\/\",\"name\":\"Descubre el Conjunto de Sof\u00e1 Evora Teca | SUNS Outdoor Lifestyle\",\"isPartOf\":{\"@id\":\"https:\/\/hello-suns.com\/es\/#website\"},\"primaryImageOfPage\":{\"@id\":\"https:\/\/hello-suns.com\/es\/productos\/evora-teak-conjunto-de-sofa\/#primaryimage\"},\"image\":{\"@id\":\"https:\/\/hello-suns.com\/es\/productos\/evora-teak-conjunto-de-sofa\/#primaryimage\"},\"thumbnailUrl\":\"https:\/\/hello-suns.com\/app\/uploads\/2025\/01\/Evora-Wood-2500_Edit-1.png\",\"datePublished\":\"2025-01-13T10:31:54+00:00\",\"dateModified\":\"2026-02-03T10:54:05+00:00\",\"description\":\"\u00bfBuscas un elegante conjunto de sof\u00e1 evora de teca? SUNS te ofrece conjuntos de sof\u00e1 de lujo con un dise\u00f1o atemporal, elementos de teca duraderos y un confort \u00f3ptimo.\",\"breadcrumb\":{\"@id\":\"https:\/\/hello-suns.com\/es\/productos\/evora-teak-conjunto-de-sofa\/#breadcrumb\"},\"inLanguage\":\"es-ES\",\"potentialAction\":[{\"@type\":\"ReadAction\",\"target\":[\"https:\/\/hello-suns.com\/es\/productos\/evora-teak-conjunto-de-sofa\/\"]}]},{\"@type\":\"ImageObject\",\"inLanguage\":\"es-ES\",\"@id\":\"https:\/\/hello-suns.com\/es\/productos\/evora-teak-conjunto-de-sofa\/#primaryimage\",\"url\":\"https:\/\/hello-suns.com\/app\/uploads\/2025\/01\/Evora-Wood-2500_Edit-1.png\",\"contentUrl\":\"https:\/\/hello-suns.com\/app\/uploads\/2025\/01\/Evora-Wood-2500_Edit-1.png\",\"width\":2500,\"height\":1667},{\"@type\":\"BreadcrumbList\",\"@id\":\"https:\/\/hello-suns.com\/es\/productos\/evora-teak-conjunto-de-sofa\/#breadcrumb\",\"itemListElement\":[{\"@type\":\"ListItem\",\"position\":1,\"name\":\"\",\"item\":\"https:\/\/hello-suns.com\/es\/\"},{\"@type\":\"ListItem\",\"position\":2,\"name\":\"Productos\",\"item\":\"https:\/\/hello-suns.com\/es\/productos\/\"},{\"@type\":\"ListItem\",\"position\":3,\"name\":\"Evora | teak\"}]},{\"@type\":\"WebSite\",\"@id\":\"https:\/\/hello-suns.com\/es\/#website\",\"url\":\"https:\/\/hello-suns.com\/es\/\",\"name\":\"SUNS\",\"description\":\"Outdoor Lifestyle\",\"potentialAction\":[{\"@type\":\"SearchAction\",\"target\":{\"@type\":\"EntryPoint\",\"urlTemplate\":\"https:\/\/hello-suns.com\/es\/?s={search_term_string}\"},\"query-input\":{\"@type\":\"PropertyValueSpecification\",\"valueRequired\":true,\"valueName\":\"search_term_string\"}}],\"inLanguage\":\"es-ES\"}]}<\/script>\n<!-- \/ Yoast SEO plugin. -->","yoast_head_json":{"title":"Descubre el Conjunto de Sof\u00e1 Evora Teca | SUNS Outdoor Lifestyle","description":"\u00bfBuscas un elegante conjunto de sof\u00e1 evora de teca? SUNS te ofrece conjuntos de sof\u00e1 de lujo con un dise\u00f1o atemporal, elementos de teca duraderos y un confort \u00f3ptimo.","robots":{"index":"index","follow":"follow","max-snippet":"max-snippet:-1","max-image-preview":"max-image-preview:large","max-video-preview":"max-video-preview:-1"},"canonical":"https:\/\/hello-suns.com\/es\/productos\/evora-teak-conjunto-de-sofa\/","og_locale":"es_ES","og_type":"article","og_title":"Descubre el Conjunto de Sof\u00e1 Evora Teca | SUNS Outdoor Lifestyle","og_description":"\u00bfBuscas un elegante conjunto de sof\u00e1 evora de teca? SUNS te ofrece conjuntos de sof\u00e1 de lujo con un dise\u00f1o atemporal, elementos de teca duraderos y un confort \u00f3ptimo.","og_url":"https:\/\/hello-suns.com\/es\/productos\/evora-teak-conjunto-de-sofa\/","og_site_name":"SUNS","article_modified_time":"2026-02-03T10:54:05+00:00","og_image":[{"width":2500,"height":1667,"url":"https:\/\/hello-suns.com\/app\/uploads\/2025\/01\/Evora-Wood-2500_Edit-1.png","type":"image\/png"}],"twitter_card":"summary_large_image","twitter_misc":{"Est. reading time":"6 minutes"},"schema":{"@context":"https:\/\/schema.org","@graph":[{"@type":"WebPage","@id":"https:\/\/hello-suns.com\/es\/productos\/evora-teak-conjunto-de-sofa\/","url":"https:\/\/hello-suns.com\/es\/productos\/evora-teak-conjunto-de-sofa\/","name":"Descubre el Conjunto de Sof\u00e1 Evora Teca | SUNS Outdoor Lifestyle","isPartOf":{"@id":"https:\/\/hello-suns.com\/es\/#website"},"primaryImageOfPage":{"@id":"https:\/\/hello-suns.com\/es\/productos\/evora-teak-conjunto-de-sofa\/#primaryimage"},"image":{"@id":"https:\/\/hello-suns.com\/es\/productos\/evora-teak-conjunto-de-sofa\/#primaryimage"},"thumbnailUrl":"https:\/\/hello-suns.com\/app\/uploads\/2025\/01\/Evora-Wood-2500_Edit-1.png","datePublished":"2025-01-13T10:31:54+00:00","dateModified":"2026-02-03T10:54:05+00:00","description":"\u00bfBuscas un elegante conjunto de sof\u00e1 evora de teca? SUNS te ofrece conjuntos de sof\u00e1 de lujo con un dise\u00f1o atemporal, elementos de teca duraderos y un confort \u00f3ptimo.","breadcrumb":{"@id":"https:\/\/hello-suns.com\/es\/productos\/evora-teak-conjunto-de-sofa\/#breadcrumb"},"inLanguage":"es-ES","potentialAction":[{"@type":"ReadAction","target":["https:\/\/hello-suns.com\/es\/productos\/evora-teak-conjunto-de-sofa\/"]}]},{"@type":"ImageObject","inLanguage":"es-ES","@id":"https:\/\/hello-suns.com\/es\/productos\/evora-teak-conjunto-de-sofa\/#primaryimage","url":"https:\/\/hello-suns.com\/app\/uploads\/2025\/01\/Evora-Wood-2500_Edit-1.png","contentUrl":"https:\/\/hello-suns.com\/app\/uploads\/2025\/01\/Evora-Wood-2500_Edit-1.png","width":2500,"height":1667},{"@type":"BreadcrumbList","@id":"https:\/\/hello-suns.com\/es\/productos\/evora-teak-conjunto-de-sofa\/#breadcrumb","itemListElement":[{"@type":"ListItem","position":1,"name":"","item":"https:\/\/hello-suns.com\/es\/"},{"@type":"ListItem","position":2,"name":"Productos","item":"https:\/\/hello-suns.com\/es\/productos\/"},{"@type":"ListItem","position":3,"name":"Evora | teak"}]},{"@type":"WebSite","@id":"https:\/\/hello-suns.com\/es\/#website","url":"https:\/\/hello-suns.com\/es\/","name":"SUNS","description":"Outdoor Lifestyle","potentialAction":[{"@type":"SearchAction","target":{"@type":"EntryPoint","urlTemplate":"https:\/\/hello-suns.com\/es\/?s={search_term_string}"},"query-input":{"@type":"PropertyValueSpecification","valueRequired":true,"valueName":"search_term_string"}}],"inLanguage":"es-ES"}]}},"_links":{"self":[{"href":"https:\/\/hello-suns.com\/es\/wp-json\/wp\/v2\/product\/15791","targetHints":{"allow":["GET"]}}],"collection":[{"href":"https:\/\/hello-suns.com\/es\/wp-json\/wp\/v2\/product"}],"about":[{"href":"https:\/\/hello-suns.com\/es\/wp-json\/wp\/v2\/types\/product"}],"replies":[{"embeddable":true,"href":"https:\/\/hello-suns.com\/es\/wp-json\/wp\/v2\/comments?post=15791"}],"wp:featuredmedia":[{"embeddable":true,"href":"https:\/\/hello-suns.com\/es\/wp-json\/wp\/v2\/media\/15796"}],"wp:attachment":[{"href":"https:\/\/hello-suns.com\/es\/wp-json\/wp\/v2\/media?parent=15791"}],"wp:term":[{"taxonomy":"product_brand","embeddable":true,"href":"https:\/\/hello-suns.com\/es\/wp-json\/wp\/v2\/product_brand?post=15791"},{"taxonomy":"product_cat","embeddable":true,"href":"https:\/\/hello-suns.com\/es\/wp-json\/wp\/v2\/product_cat?post=15791"},{"taxonomy":"product_tag","embeddable":true,"href":"https:\/\/hello-suns.com\/es\/wp-json\/wp\/v2\/product_tag?post=15791"},{"taxonomy":"material","embeddable":true,"href":"https:\/\/hello-suns.com\/es\/wp-json\/wp\/v2\/material?post=15791"}],"curies":[{"name":"wp","href":"https:\/\/api.w.org\/{rel}","templated":true}]}}